{"id":7947,"date":"2019-02-11T09:45:51","date_gmt":"2019-02-11T09:45:51","guid":{"rendered":"https:\/\/humboldt.es\/cursos-de-espanol\/"},"modified":"2020-12-21T11:24:10","modified_gmt":"2020-12-21T11:24:10","slug":"spanischkurse-old","status":"publish","type":"page","link":"https:\/\/humboldt.es\/de\/fortbildungs-angebote\/sprachen-einzelpersonen\/spanischkurse-old\/","title":{"rendered":"Spanischkurse-OLD"},"content":{"rendered":"<section class=\"wpb-content-wrapper\"><p>[vc_section css=&#8221;.vc_custom_1549127606706{margin-top: 0px !important;padding-top: 0px !important;}&#8221;][vc_row][vc_column]<div class=\"eltdf-elements-holder   eltdf-one-column  eltdf-responsive-mode-768 eltdf-one-column-alignment-center\" ><div class=\"eltdf-eh-item   eltdf-horizontal-alignment-center \"  data-item-class=\"eltdf-eh-custom-7991\" data-1280-1600=\"0px 16.67% 60px 16.67%\" data-1024-1280=\"0px 16.67% 60px 16.67%\" data-768-1024=\"0px 0px 60px 0px\" data-680-768=\"0px 0px 60px 0px\" data-680=\"0px 0px 60px 0px\">\n\t<div class=\"eltdf-eh-item-inner\">\n\t\t<div class=\"eltdf-eh-item-content eltdf-eh-custom-7991\" style=\"padding: 0px 16.67% 60px 16.67%\">\n\t\t\t<div class=\"eltdf-section-title-holder  \" >\n\t<div class=\"eltdf-st-inner\">\n\t\t\t\t\t\t\t\t\t<h2 class=\"eltdf-st-title\" style=\"color: #000853\">\n\t\t\t\tSpanisch lernen in Barcelona\t\t\t<\/h2>\n\t\t\t\t\t<\/div>\n<\/div>\t\t<\/div>\n\t<\/div>\n<\/div><\/div>[\/vc_column][\/vc_row][vc_row][vc_column offset=&#8221;vc_col-md-6&#8243;]<div class=\"eltdf-elements-holder   eltdf-one-column  eltdf-responsive-mode-768 eltdf-one-column-alignment-left\" ><div class=\"eltdf-eh-item  eltdf-vertical-alignment-top  \"  data-item-class=\"eltdf-eh-custom-1428\" data-1280-1600=\"0px 30px 100px 0px\" data-1024-1280=\"0px 30px 100px 0px\" data-768-1024=\"0px 0px 45px 0px\" data-680-768=\"0px 0px 45px 0px\" data-680=\"0px 0px 30px 0px\">\n\t<div class=\"eltdf-eh-item-inner\">\n\t\t<div class=\"eltdf-eh-item-content eltdf-eh-custom-1428\" style=\"padding: 0px 30px 100px 0px\">\n\t\t\t[vc_video link=&#8221;https:\/\/www.youtube.com\/watch?v=h6eZNg0Lo7w&#8221;]\t\t<\/div>\n\t<\/div>\n<\/div><\/div>[\/vc_column][vc_column offset=&#8221;vc_col-md-6&#8243;]<div class=\"eltdf-elements-holder   eltdf-one-column eltdf-ehi-float eltdf-responsive-mode-480 eltdf-one-column-alignment-left\" ><div class=\"eltdf-eh-item  eltdf-vertical-alignment-top  eltdf-element-from-right\"  data-item-class=\"eltdf-eh-custom-1215\" data-animation=\"eltdf-element-from-right\"  data-1280-1600=\"0px 0px 50px 0px\" data-1024-1280=\"0px 0px 50px 0px\" data-768-1024=\"0px 8.33% 50px 8.33%\" data-680-768=\"0px 0px 50px 0px\" data-680=\"0px 0px 50px 0px\">\n\t<div class=\"eltdf-eh-item-inner\">\n\t\t<div class=\"eltdf-eh-item-content eltdf-eh-custom-1215\" style=\"padding: 0px 0px 50px 0px\">\n\t\t\t[vc_column_text el_class=&#8221;no-margin-top&#8221;]Barcelona ist die Stadt der Kultur, Bildung und des Handels. Ihr kosmopolitischer Charakter verf\u00fchrt uns alle. Unser Ziel ist es, Ihnen durch professionelles und individuelles Training Ihre neue Sprache und die Kultur des Landes zu vermitteln. Spanisch lernen bei Humboldt, Business Communication Training. Wir bieten Spanischkurse in Minigruppen und Einzelunterricht im Pr\u00e4senz- oder Online-Format an. Unser Ziel ist es, dies f\u00fcr Sie zu einem unvergesslichen Erlebnis zu machen. Wir sprechen Ihre Sprache.[\/vc_column_text]\t\t<\/div>\n\t<\/div>\n<\/div><div class=\"eltdf-eh-item  eltdf-vertical-alignment-top  eltdf-element-from-right\"  data-item-class=\"eltdf-eh-custom-8125\" data-animation=\"eltdf-element-from-right\"  data-1280-1600=\"0px 0px 100px 0px\" data-1024-1280=\"0px 0px 100px 0px\" data-768-1024=\"0px 8.33% 100px 8.33%\" data-680-768=\"0px 0px 80px 0px\" data-680=\"0px 0px 80px 0px\">\n\t<div class=\"eltdf-eh-item-inner\">\n\t\t<div class=\"eltdf-eh-item-content eltdf-eh-custom-8125\" style=\"padding: 0px 0px 100px 0px\">\n\t\t\t<a itemprop=\"url\" href=\"https:\/\/humboldt.es\/dates-fees-2019\/\" target=\"_self\" style=\"color: #ffffff;background-color: #44a010;border-color: #44a010\" class=\"eltdf-btn eltdf-btn-medium eltdf-btn-solid eltdf-btn-default eltdf-btn-custom-hover-bg eltdf-btn-custom-border-hover eltdf-btn-custom-hover-color humboldt-short-btn \" data-hover-color=\"#ffffff\" data-hover-bg-color=\"#0015d3\" data-hover-border-color=\"#0015d3\" >\n    <span class=\"eltdf-btn-text\">Brosch\u00fcre herunterladen<\/span>\n        <\/a>\t\t<\/div>\n\t<\/div>\n<\/div><\/div>[\/vc_column][\/vc_row][\/vc_section][vc_section full_width=&#8221;stretch_row&#8221;][vc_row][vc_column]<div class=\"eltdf-elements-holder   eltdf-one-column  eltdf-responsive-mode-768 eltdf-one-column-alignment-center\" ><div class=\"eltdf-eh-item h-50px  eltdf-horizontal-alignment-center \"  data-item-class=\"eltdf-eh-custom-1411\" data-1280-1600=\"0px 16.67% 60px 16.67%\" data-1024-1280=\"0px 16.67% 60px 16.67%\" data-768-1024=\"0px 0px 60px 0px\" data-680-768=\"0px 0px 60px 0px\" data-680=\"0px 0px 60px 0px\">\n\t<div class=\"eltdf-eh-item-inner\">\n\t\t<div class=\"eltdf-eh-item-content eltdf-eh-custom-1411\" style=\"padding: 0px 16.67% 60px 16.67%\">\n\t\t\t<div class=\"eltdf-section-title-holder  \" >\n\t<div class=\"eltdf-st-inner\">\n\t\t\t\t\t\t\t\t\t<h2 class=\"eltdf-st-title\" style=\"color: #000853\">\n\t\t\t\tSpanischkurse \u2013 Unser Angebot\t\t\t<\/h2>\n\t\t\t\t\t<\/div>\n<\/div>\t\t<\/div>\n\t<\/div>\n<\/div><\/div>[\/vc_column][\/vc_row][vc_row equal_height=&#8221;yes&#8221; el_class=&#8221;humboldt-4cols-img&#8221;][vc_column width=&#8221;1\/2&#8243; offset=&#8221;vc_col-lg-3 vc_col-md-6 vc_col-xs-12&#8243; css=&#8221;.vc_custom_1546868373259{padding-right: 0px !important;padding-left: 0px !important;}&#8221;]<div class=\"eltdf-elements-holder   eltdf-one-column  eltdf-responsive-mode-768 eltdf-one-column-alignment-center\" ><div class=\"eltdf-eh-item  eltdf-vertical-alignment-top eltdf-horizontal-alignment-center eltdf-element-from-bottom\"  data-item-class=\"eltdf-eh-custom-3231\" data-animation=\"eltdf-element-from-bottom\" data-1280-1600=\"0px 10px 90px 10px\" data-1024-1280=\"0px 10px 90px 10px\" data-768-1024=\"0px 10px 90px 10px\" data-680-768=\"0px 10px 45px 10px\" data-680=\"0px 0px 45px 0px\">\n\t<div class=\"eltdf-eh-item-inner\">\n\t\t<div class=\"eltdf-eh-item-content eltdf-eh-custom-3231\" style=\"padding: 0px 10px 90px 10px\">\n\t\t\t<div class=\"eltdf-image-with-text-holder humboldt-idiomas-picture-title-p-element  eltdf-image-behavior-custom-link\">\n    <div class=\"eltdf-iwt-image\">\n        \t            <a itemprop=\"url\" href=\"https:\/\/humboldt.es\/de\/spanisch-intensivkurs-minigruppe\/\" target=\"_self\">\n                                    <img width=\"640\" height=\"370\" src=\"https:\/\/humboldt.es\/desarrollo\/wp-content\/uploads\/2019\/06\/humboldt-intensivo-mini-grupo.jpg\" class=\"attachment-full size-full\" alt=\"\" loading=\"lazy\" srcset=\"https:\/\/humboldt.es\/desarrollo\/wp-content\/uploads\/2019\/06\/humboldt-intensivo-mini-grupo.jpg 640w, https:\/\/humboldt.es\/desarrollo\/wp-content\/uploads\/2019\/06\/humboldt-intensivo-mini-grupo-300x173.jpg 300w, https:\/\/humboldt.es\/desarrollo\/wp-content\/uploads\/2019\/06\/humboldt-intensivo-mini-grupo-600x347.jpg 600w\" sizes=\"(max-width: 640px) 100vw, 640px\" \/>                                <\/a>\n            <\/div>\n    <div class=\"eltdf-iwt-text-holder\">\n                    <h3 class=\"eltdf-iwt-title\" style=\"color: #000853;margin-top: 15px\">Intensivkurs ``Minigruppe``<\/h3>\n        \t\t            <p class=\"eltdf-iwt-text\" style=\"margin-top: 8px\">Unsere Gruppenkurse mit nur 3 weiteren Teilnehmern erm\u00f6glichen es Ihnen, aktiv und dynamisch zu lernen. Sie r\u00fccken in den Mittelpunkt des Kurses. Der individuelle Spanischkurs, der sich Ihren Zielen und Ihrem Lerntempo anpasst. So werden Sie Barcelona jeden Tag innerhalb und au\u00dferhalb des Unterrichts entdecken.&lt;br \/&gt;\nBeginn der Kurse jeden Montag.<\/p>\n            <\/div>\n<\/div><div class=\"eltdf-separator-holder clearfix  eltdf-separator-center eltdf-separator-full-width\">\n\t<div class=\"eltdf-separator\" style=\"border-color: #ffffff;border-style: solid;border-bottom-width: 15px\"><\/div>\n<\/div>\n<a itemprop=\"url\" href=\"https:\/\/humboldt.es\/de\/spanisch-intensivkurs-minigruppe\/\" target=\"_self\" style=\"color: #ffffff;background-color: #44a010;border-color: #44a010\" class=\"eltdf-btn eltdf-btn-medium eltdf-btn-solid eltdf-btn-default eltdf-btn-custom-hover-bg eltdf-btn-custom-border-hover eltdf-btn-custom-hover-color humboldt-short-btn \" data-hover-color=\"#ffffff\" data-hover-bg-color=\"#0015d3\" data-hover-border-color=\"#0015d3\" >\n    <span class=\"eltdf-btn-text\">Zur Kursinfo<\/span>\n        <\/a>\t\t<\/div>\n\t<\/div>\n<\/div><\/div>[\/vc_column][vc_column width=&#8221;1\/2&#8243; offset=&#8221;vc_col-lg-3 vc_col-md-6 vc_col-xs-12&#8243; css=&#8221;.vc_custom_1546868383829{padding-right: 0px !important;padding-left: 0px !important;}&#8221;]<div class=\"eltdf-elements-holder   eltdf-one-column  eltdf-responsive-mode-768 eltdf-one-column-alignment-center\" ><div class=\"eltdf-eh-item  eltdf-vertical-alignment-top eltdf-horizontal-alignment-center eltdf-element-from-bottom\" style=\"background-color: #ffffff\" data-item-class=\"eltdf-eh-custom-9657\" data-animation=\"eltdf-element-from-bottom\" data-1280-1600=\"0 10px 90px 10px\" data-1024-1280=\"0 10px 90px 10px\" data-768-1024=\"0 10px 90px 10px\" data-680-768=\"0 10px 45px 10px\" data-680=\"0 0px 45px 0px\">\n\t<div class=\"eltdf-eh-item-inner\">\n\t\t<div class=\"eltdf-eh-item-content eltdf-eh-custom-9657\" style=\"padding: 0 10px 90px 10px\">\n\t\t\t<div class=\"eltdf-image-with-text-holder humboldt-idiomas-picture-title-p-element  eltdf-image-behavior-custom-link\">\n    <div class=\"eltdf-iwt-image\">\n        \t            <a itemprop=\"url\" href=\"https:\/\/humboldt.es\/de\/spanisch-intensivkurs-minigruppe-plus\/\" target=\"_self\">\n                                    <img width=\"638\" height=\"368\" src=\"https:\/\/humboldt.es\/desarrollo\/wp-content\/uploads\/2019\/02\/mini-plus.jpg\" class=\"attachment-full size-full\" alt=\"Clase alem\u00e1n Humboldt\" loading=\"lazy\" srcset=\"https:\/\/humboldt.es\/desarrollo\/wp-content\/uploads\/2019\/02\/mini-plus.jpg 638w, https:\/\/humboldt.es\/desarrollo\/wp-content\/uploads\/2019\/02\/mini-plus-300x173.jpg 300w, https:\/\/humboldt.es\/desarrollo\/wp-content\/uploads\/2019\/02\/mini-plus-600x346.jpg 600w\" sizes=\"(max-width: 638px) 100vw, 638px\" \/>                                <\/a>\n            <\/div>\n    <div class=\"eltdf-iwt-text-holder\">\n                    <h3 class=\"eltdf-iwt-title\" style=\"color: #000853;margin-top: 15px\">Intensivkurs ``Minigruppe plus``<\/h3>\n        \t\t            <p class=\"eltdf-iwt-text\" style=\"margin-top: 8px\">Sie k\u00f6nnen Gruppenkurse am Vormittag mit Einzelunterricht am Nachmittag kombinieren.&lt;br \/&gt;\nIm Einzelunterricht k\u00f6nnen Sie die Aspekte der Sprachen verbessern, die Sie am meisten interessieren: Aussprache, Grammatik, Lesetechniken ...<\/p>\n            <\/div>\n<\/div><div class=\"eltdf-separator-holder clearfix  eltdf-separator-center eltdf-separator-full-width\">\n\t<div class=\"eltdf-separator\" style=\"border-color: #ffffff;border-style: solid;border-bottom-width: 15px\"><\/div>\n<\/div>\n<a itemprop=\"url\" href=\"https:\/\/humboldt.es\/de\/spanisch-intensivkurs-minigruppe-plus\/\" target=\"_self\" style=\"color: #ffffff;background-color: #44a010;border-color: #44a010\" class=\"eltdf-btn eltdf-btn-medium eltdf-btn-solid eltdf-btn-default eltdf-btn-custom-hover-bg eltdf-btn-custom-border-hover eltdf-btn-custom-hover-color humboldt-short-btn \" data-hover-color=\"#ffffff\" data-hover-bg-color=\"#0015d3\" data-hover-border-color=\"#0015d3\" >\n    <span class=\"eltdf-btn-text\">Zur Kursinfo<\/span>\n        <\/a>\t\t<\/div>\n\t<\/div>\n<\/div><\/div>[\/vc_column][vc_column width=&#8221;1\/2&#8243; offset=&#8221;vc_col-lg-3 vc_col-md-6 vc_col-xs-12&#8243; css=&#8221;.vc_custom_1546868410569{padding-right: 0px !important;padding-left: 0px !important;}&#8221;]<div class=\"eltdf-elements-holder   eltdf-one-column  eltdf-responsive-mode-768 eltdf-one-column-alignment-center\" ><div class=\"eltdf-eh-item  eltdf-vertical-alignment-top eltdf-horizontal-alignment-center eltdf-element-from-bottom\"  data-item-class=\"eltdf-eh-custom-5962\" data-animation=\"eltdf-element-from-bottom\" data-1280-1600=\"0 10px 90px 10px\" data-1024-1280=\"0 10px 90px 10px\" data-768-1024=\"0 10px 90px 10px\" data-680-768=\"0 10px 45px 10px\" data-680=\"0px 0px 45px 0px\">\n\t<div class=\"eltdf-eh-item-inner\">\n\t\t<div class=\"eltdf-eh-item-content eltdf-eh-custom-5962\" style=\"padding: 0 10px 90px 10px\">\n\t\t\t<div class=\"eltdf-image-with-text-holder humboldt-idiomas-picture-title-p-element  eltdf-image-behavior-custom-link\">\n    <div class=\"eltdf-iwt-image\">\n        \t            <a itemprop=\"url\" href=\"https:\/\/humboldt.es\/de\/extensivkurs-mini-gruppe\/\" target=\"_self\">\n                                    <img width=\"638\" height=\"368\" src=\"https:\/\/humboldt.es\/desarrollo\/wp-content\/uploads\/2019\/02\/esp-extensivo-mini-grupo-humbold2.jpg\" class=\"attachment-full size-full\" alt=\"Alumnos ingl\u00e9s Humboldt\" loading=\"lazy\" srcset=\"https:\/\/humboldt.es\/desarrollo\/wp-content\/uploads\/2019\/02\/esp-extensivo-mini-grupo-humbold2.jpg 638w, https:\/\/humboldt.es\/desarrollo\/wp-content\/uploads\/2019\/02\/esp-extensivo-mini-grupo-humbold2-300x173.jpg 300w, https:\/\/humboldt.es\/desarrollo\/wp-content\/uploads\/2019\/02\/esp-extensivo-mini-grupo-humbold2-600x346.jpg 600w\" sizes=\"(max-width: 638px) 100vw, 638px\" \/>                                <\/a>\n            <\/div>\n    <div class=\"eltdf-iwt-text-holder\">\n                    <h3 class=\"eltdf-iwt-title\" style=\"color: #000853;margin-top: 15px\">Extensivkurs ``Minigruppe``<\/h3>\n        \t\t            <p class=\"eltdf-iwt-text\" style=\"margin-top: 8px\">F\u00fcr alle, die bereits in Barcelona wohnen und ihre Spanischkenntnisse verbessern m\u00f6chten (2 Tage nachmittags). Wir bieten alle 6 Spanischniveaus des Gemeinsamen Europ\u00e4ischen Referenzrahmens f\u00fcr Sprachen an.<\/p>\n            <\/div>\n<\/div><div class=\"eltdf-separator-holder clearfix  eltdf-separator-center eltdf-separator-full-width\">\n\t<div class=\"eltdf-separator\" style=\"border-color: #ffffff;border-style: solid;border-bottom-width: 15px\"><\/div>\n<\/div>\n<a itemprop=\"url\" href=\"https:\/\/humboldt.es\/de\/extensivkurs-mini-gruppe\/\" target=\"_self\" style=\"color: #ffffff;background-color: #44a010;border-color: #44a010\" class=\"eltdf-btn eltdf-btn-medium eltdf-btn-solid eltdf-btn-default eltdf-btn-custom-hover-bg eltdf-btn-custom-border-hover eltdf-btn-custom-hover-color humboldt-short-btn \" data-hover-color=\"#ffffff\" data-hover-bg-color=\"#0015d3\" data-hover-border-color=\"#0015d3\" >\n    <span class=\"eltdf-btn-text\">Zur Kursinfo<\/span>\n        <\/a>\t\t<\/div>\n\t<\/div>\n<\/div><\/div>[\/vc_column][vc_column width=&#8221;1\/2&#8243; offset=&#8221;vc_col-lg-3 vc_col-md-6 vc_col-xs-12&#8243; css=&#8221;.vc_custom_1546868401578{padding-right: 0px !important;padding-left: 0px !important;}&#8221;]<div class=\"eltdf-elements-holder   eltdf-one-column  eltdf-responsive-mode-768 eltdf-one-column-alignment-center\" ><div class=\"eltdf-eh-item  eltdf-vertical-alignment-top eltdf-horizontal-alignment-center eltdf-element-from-bottom\"  data-item-class=\"eltdf-eh-custom-9807\" data-animation=\"eltdf-element-from-bottom\" data-1280-1600=\"0px 0px 80px 10px\" data-1024-1280=\"0px 0px 80px 10px\" data-768-1024=\"0px 0px 80px 10px\" data-680-768=\"0px 0px 80px 10px\" data-680=\"0px 0px 40px 0px\">\n\t<div class=\"eltdf-eh-item-inner\">\n\t\t<div class=\"eltdf-eh-item-content eltdf-eh-custom-9807\" style=\"padding: 0px 0px 80px 10px\">\n\t\t\t<div class=\"eltdf-image-with-text-holder humboldt-idiomas-picture-title-p-element  eltdf-image-behavior-custom-link\">\n    <div class=\"eltdf-iwt-image\">\n        \t            <a itemprop=\"url\" href=\"https:\/\/humboldt.es\/de\/einzelkurs-spanisch-one-to-one\/\" target=\"_self\">\n                                    <img width=\"638\" height=\"368\" src=\"https:\/\/humboldt.es\/desarrollo\/wp-content\/uploads\/2019\/02\/1to1.jpg\" class=\"attachment-full size-full\" alt=\"Clases idiomas profesionales\" loading=\"lazy\" srcset=\"https:\/\/humboldt.es\/desarrollo\/wp-content\/uploads\/2019\/02\/1to1.jpg 638w, https:\/\/humboldt.es\/desarrollo\/wp-content\/uploads\/2019\/02\/1to1-300x173.jpg 300w, https:\/\/humboldt.es\/desarrollo\/wp-content\/uploads\/2019\/02\/1to1-600x346.jpg 600w\" sizes=\"(max-width: 638px) 100vw, 638px\" \/>                                <\/a>\n            <\/div>\n    <div class=\"eltdf-iwt-text-holder\">\n                    <h3 class=\"eltdf-iwt-title\" style=\"color: #000853;margin-top: 15px\">Einzelkurs ``One to One``<\/h3>\n        \t\t            <p class=\"eltdf-iwt-text\" style=\"margin-top: 8px\">Der Spanischkurs, der zu 100% an Sie angepasst ist: Maximale Flexibilit\u00e4t bei Ihrer Zeitorganisation und Ihrem Unterrichtsort. Inhalte, die an Ihre Ziele angepasst sind: allgemeine Kultur, berufliche Kommunikation, Entwicklung spezifischer Spanischkenntnisse.<\/p>\n            <\/div>\n<\/div><div class=\"eltdf-separator-holder clearfix  eltdf-separator-center eltdf-separator-full-width\">\n\t<div class=\"eltdf-separator\" style=\"border-color: #ffffff;border-style: solid;border-bottom-width: 15px\"><\/div>\n<\/div>\n<a itemprop=\"url\" href=\"https:\/\/humboldt.es\/de\/einzelkurs-spanisch-one-to-one\/\" target=\"_self\" style=\"color: #ffffff;background-color: #44a010;border-color: #44a010\" class=\"eltdf-btn eltdf-btn-medium eltdf-btn-solid eltdf-btn-default eltdf-btn-custom-hover-bg eltdf-btn-custom-border-hover eltdf-btn-custom-hover-color humboldt-short-btn \" data-hover-color=\"#ffffff\" data-hover-bg-color=\"#0015d3\" data-hover-border-color=\"#0015d3\" >\n    <span class=\"eltdf-btn-text\">Zur Kursinfo<\/span>\n        <\/a>\t\t<\/div>\n\t<\/div>\n<\/div><\/div>[\/vc_column][\/vc_row][\/vc_section][vc_row equal_height=&#8221;yes&#8221; el_class=&#8221;humboldt-4cols-img&#8221;][vc_column width=&#8221;1\/2&#8243; offset=&#8221;vc_col-lg-3 vc_col-md-6 vc_col-xs-12&#8243; css=&#8221;.vc_custom_1546868373259{padding-right: 0px !important;padding-left: 0px !important;}&#8221;]<div class=\"eltdf-elements-holder   eltdf-one-column  eltdf-responsive-mode-768 \" ><div class=\"eltdf-eh-item  eltdf-vertical-alignment-top eltdf-horizontal-alignment-center eltdf-element-from-bottom\"  data-item-class=\"eltdf-eh-custom-6198\" data-animation=\"eltdf-element-from-bottom\" data-1280-1600=\"0 10px 110px 10px\" data-1024-1280=\"0 10px 110px 10px\" data-768-1024=\"0 10px 110px 10px\" data-680-768=\"0 10px 80px 10px\" data-680=\"0px 0px 40px 0px\">\n\t<div class=\"eltdf-eh-item-inner\">\n\t\t<div class=\"eltdf-eh-item-content eltdf-eh-custom-6198\" style=\"padding: 0 10px 110px 10px\">\n\t\t\t<div class=\"eltdf-image-with-text-holder humboldt-idiomas-picture-title-p-element  eltdf-image-behavior-custom-link\">\n    <div class=\"eltdf-iwt-image\">\n        \t            <a itemprop=\"url\" href=\"https:\/\/humboldt.es\/de\/einzelunterricht-one-to-one-express\/\" target=\"_self\">\n                                    <img width=\"638\" height=\"368\" src=\"https:\/\/humboldt.es\/desarrollo\/wp-content\/uploads\/2019\/02\/onetoone-express.jpg\" class=\"attachment-full size-full\" alt=\"Formaci\u00f3n ingl\u00e9s profesionales\" loading=\"lazy\" srcset=\"https:\/\/humboldt.es\/desarrollo\/wp-content\/uploads\/2019\/02\/onetoone-express.jpg 638w, https:\/\/humboldt.es\/desarrollo\/wp-content\/uploads\/2019\/02\/onetoone-express-300x173.jpg 300w, https:\/\/humboldt.es\/desarrollo\/wp-content\/uploads\/2019\/02\/onetoone-express-600x346.jpg 600w\" sizes=\"(max-width: 638px) 100vw, 638px\" \/>                                <\/a>\n            <\/div>\n    <div class=\"eltdf-iwt-text-holder\">\n                    <h3 class=\"eltdf-iwt-title\" style=\"color: #000853;margin-top: 15px\">Einzelunterricht ``One to One Express``<\/h3>\n        \t\t            <p class=\"eltdf-iwt-text\" style=\"margin-top: 8px\">Der Spanischkurs, der sich an Ihren Terminplan anpasst. Sie k\u00f6nnen einen Intensivkurs von 56 Stunden in nur 7 Tagen absolvieren.<\/p>\n            <\/div>\n<\/div><div class=\"eltdf-separator-holder clearfix  eltdf-separator-center eltdf-separator-full-width\">\n\t<div class=\"eltdf-separator\" style=\"border-color: #ffffff;border-style: solid;border-bottom-width: 15px\"><\/div>\n<\/div>\n<a itemprop=\"url\" href=\"https:\/\/humboldt.es\/de\/einzelunterricht-one-to-one-express\/\" target=\"_self\" style=\"color: #ffffff;background-color: #44a010;border-color: #44a010\" class=\"eltdf-btn eltdf-btn-medium eltdf-btn-solid eltdf-btn-default eltdf-btn-custom-hover-bg eltdf-btn-custom-border-hover eltdf-btn-custom-hover-color humboldt-short-btn \" data-hover-color=\"#ffffff\" data-hover-bg-color=\"#0015d3\" data-hover-border-color=\"#0015d3\" >\n    <span class=\"eltdf-btn-text\">Zur Kursinfo<\/span>\n        <\/a>\t\t<\/div>\n\t<\/div>\n<\/div><\/div>[\/vc_column][vc_column width=&#8221;1\/2&#8243; offset=&#8221;vc_col-lg-3 vc_col-md-6 vc_col-xs-12&#8243; css=&#8221;.vc_custom_1546868383829{padding-right: 0px !important;padding-left: 0px !important;}&#8221;]<div class=\"eltdf-elements-holder   eltdf-one-column  eltdf-responsive-mode-768 \" ><div class=\"eltdf-eh-item  eltdf-vertical-alignment-top eltdf-horizontal-alignment-center eltdf-element-from-bottom\" style=\"background-color: #ffffff\" data-item-class=\"eltdf-eh-custom-8548\" data-animation=\"eltdf-element-from-bottom\" data-1280-1600=\"0 10px 110px 10px\" data-1024-1280=\"0 10px 110px 10px\" data-768-1024=\"0 10px 110px 10px\" data-680-768=\"0 10px 80px 10px\" data-680=\"0px 0px 40px 0px\">\n\t<div class=\"eltdf-eh-item-inner\">\n\t\t<div class=\"eltdf-eh-item-content eltdf-eh-custom-8548\" style=\"padding: 0 10px 110px 10px\">\n\t\t\t<div class=\"eltdf-image-with-text-holder humboldt-idiomas-picture-title-p-element  eltdf-image-behavior-custom-link\">\n    <div class=\"eltdf-iwt-image\">\n        \t            <a itemprop=\"url\" href=\"https:\/\/humboldt.es\/de\/unterkunft-in-barcelona\/\" target=\"_self\">\n                                    <img width=\"638\" height=\"368\" src=\"https:\/\/humboldt.es\/desarrollo\/wp-content\/uploads\/2019\/02\/esp-alojamiento-barcelona-humboldt.jpg\" class=\"attachment-full size-full\" alt=\"Alojamiento Barcelona\" loading=\"lazy\" srcset=\"https:\/\/humboldt.es\/desarrollo\/wp-content\/uploads\/2019\/02\/esp-alojamiento-barcelona-humboldt.jpg 638w, https:\/\/humboldt.es\/desarrollo\/wp-content\/uploads\/2019\/02\/esp-alojamiento-barcelona-humboldt-300x173.jpg 300w, https:\/\/humboldt.es\/desarrollo\/wp-content\/uploads\/2019\/02\/esp-alojamiento-barcelona-humboldt-600x346.jpg 600w\" sizes=\"(max-width: 638px) 100vw, 638px\" \/>                                <\/a>\n            <\/div>\n    <div class=\"eltdf-iwt-text-holder\">\n                    <h3 class=\"eltdf-iwt-title\" style=\"color: #000853;margin-top: 15px\">Unterkunft in Barcelona<\/h3>\n        \t\t            <p class=\"eltdf-iwt-text\" style=\"margin-top: 8px\">F\u00fchlen Sie sich wie zu Hause und w\u00e4hlen Sie aus einer Vielzahl erstklassiger Unterk\u00fcnfte.<\/p>\n            <\/div>\n<\/div><div class=\"eltdf-separator-holder clearfix  eltdf-separator-center eltdf-separator-full-width\">\n\t<div class=\"eltdf-separator\" style=\"border-color: #ffffff;border-style: solid;border-bottom-width: 15px\"><\/div>\n<\/div>\n<a itemprop=\"url\" href=\"https:\/\/humboldt.es\/de\/unterkunft-in-barcelona\/\" target=\"_self\" style=\"color: #ffffff;background-color: #44a010;border-color: #44a010\" class=\"eltdf-btn eltdf-btn-medium eltdf-btn-solid eltdf-btn-default eltdf-btn-custom-hover-bg eltdf-btn-custom-border-hover eltdf-btn-custom-hover-color humboldt-short-btn \" data-hover-color=\"#ffffff\" data-hover-bg-color=\"#0015d3\" data-hover-border-color=\"#0015d3\" >\n    <span class=\"eltdf-btn-text\">Mehr<\/span>\n        <\/a>\t\t<\/div>\n\t<\/div>\n<\/div><\/div>[\/vc_column][vc_column width=&#8221;1\/2&#8243; offset=&#8221;vc_col-lg-3 vc_col-md-6 vc_col-xs-12&#8243; css=&#8221;.vc_custom_1546868410569{padding-right: 0px !important;padding-left: 0px !important;}&#8221;]<div class=\"eltdf-elements-holder   eltdf-one-column  eltdf-responsive-mode-768 \" ><div class=\"eltdf-eh-item  eltdf-vertical-alignment-top eltdf-horizontal-alignment-center eltdf-element-from-bottom\"  data-item-class=\"eltdf-eh-custom-3583\" data-animation=\"eltdf-element-from-bottom\" data-1280-1600=\"0 10px 110px 10px\" data-1024-1280=\"0 10px 110px 10px\" data-768-1024=\"0 10px 110px 10px\" data-680-768=\"0 10px 110px 10px\" data-680=\"0px 0px 40px 0px\">\n\t<div class=\"eltdf-eh-item-inner\">\n\t\t<div class=\"eltdf-eh-item-content eltdf-eh-custom-3583\" style=\"padding: 0 10px 110px 10px\">\n\t\t\t<div class=\"eltdf-image-with-text-holder humboldt-idiomas-picture-title-p-element  eltdf-image-behavior-custom-link\">\n    <div class=\"eltdf-iwt-image\">\n        \t            <a itemprop=\"url\" href=\"https:\/\/humboldt.es\/de\/fortbildungs-angebote\/sprachen-fur-berufstatige-und-studenten\/soziale-aktivitaeten\/\" target=\"_self\">\n                                                                    <\/a>\n            <\/div>\n    <div class=\"eltdf-iwt-text-holder\">\n                    <h3 class=\"eltdf-iwt-title\" style=\"color: #000853;margin-top: 15px\">Soziale Aktivit\u00e4ten<\/h3>\n        \t\t            <p class=\"eltdf-iwt-text\" style=\"margin-top: 8px\">Fu\u00dfball oder Fiesta? Musik oder Theater? Abendessen oder Nachtspaziergang? Museen oder Ausfl\u00fcge? Barcelona hat alles ... wir helfen Ihnen, Barcelona zu entdecken.<\/p>\n            <\/div>\n<\/div><div class=\"eltdf-separator-holder clearfix  eltdf-separator-center eltdf-separator-full-width\">\n\t<div class=\"eltdf-separator\" style=\"border-color: #ffffff;border-style: solid;border-bottom-width: 15px\"><\/div>\n<\/div>\n<a itemprop=\"url\" href=\"https:\/\/humboldt.es\/de\/fortbildungs-angebote\/sprachen-fur-berufstatige-und-studenten\/soziale-aktivitaeten\/\" target=\"_self\" style=\"color: #ffffff;background-color: #44a010;border-color: #44a010\" class=\"eltdf-btn eltdf-btn-medium eltdf-btn-solid eltdf-btn-default eltdf-btn-custom-hover-bg eltdf-btn-custom-border-hover eltdf-btn-custom-hover-color humboldt-short-btn \" data-hover-color=\"#ffffff\" data-hover-bg-color=\"#0015d3\" data-hover-border-color=\"#0015d3\" >\n    <span class=\"eltdf-btn-text\">Mehr<\/span>\n        <\/a>\t\t<\/div>\n\t<\/div>\n<\/div><\/div>[\/vc_column][vc_column width=&#8221;1\/2&#8243; offset=&#8221;vc_col-lg-3 vc_col-md-6 vc_col-xs-12&#8243; css=&#8221;.vc_custom_1546868401578{padding-right: 0px !important;padding-left: 0px !important;}&#8221;][\/vc_column][\/vc_row]<\/p>\n<\/section>","protected":false},"excerpt":{"rendered":"<p>[vc_section css=&#8221;.vc_custom_1549127606706{margin-top: 0px !important;padding-top: 0px !important;}&#8221;][vc_row][vc_column][\/vc_column][\/vc_row][vc_row][vc_column offset=&#8221;vc_col-md-6&#8243;][\/vc_column][vc_column offset=&#8221;vc_col-md-6&#8243;][\/vc_column][\/vc_row][\/vc_section][vc_section full_width=&#8221;stretch_row&#8221;][vc_row][vc_column][\/vc_column][\/vc_row][vc_row equal_height=&#8221;yes&#8221; el_class=&#8221;humboldt-4cols-img&#8221;][vc_column width=&#8221;1\/2&#8243; offset=&#8221;vc_col-lg-3 vc_col-md-6 vc_col-xs-12&#8243; css=&#8221;.vc_custom_1546868373259{padding-right: 0px !important;padding-left: 0px !important;}&#8221;][\/vc_column][vc_column width=&#8221;1\/2&#8243; offset=&#8221;vc_col-lg-3 vc_col-md-6 vc_col-xs-12&#8243; css=&#8221;.vc_custom_1546868383829{padding-right: [&hellip;]<\/p>\n","protected":false},"author":1,"featured_media":0,"parent":17337,"menu_order":0,"comment_status":"closed","ping_status":"closed","template":"","meta":[],"yoast_head":"<!-- This site is optimized with the Yoast SEO plugin v15.9.1 - https:\/\/yoast.com\/wordpress\/plugins\/seo\/ -->\n<title>Spanischkurse-OLD | Humboldt<\/title>\n<meta name=\"description\" content=\"Si buscas cursos de espa\u00f1ol en Barcelona, Humboldt es tu centro. Contamos con una gran variedad de clases para que aprendas espa\u00f1ol o mejores tu nivel.\" \/>\n<meta name=\"robots\" content=\"index, follow, max-snippet:-1, max-image-preview:large, max-video-preview:-1\" \/>\n<link rel=\"canonical\" href=\"https:\/\/humboldt.es\/de\/fortbildungs-angebote\/sprachen-einzelpersonen\/spanischkurse-old\/\" \/>\n<meta property=\"og:locale\" content=\"de_DE\" \/>\n<meta property=\"og:type\" content=\"article\" \/>\n<meta property=\"og:title\" content=\"Spanischkurse-OLD | Humboldt\" \/>\n<meta property=\"og:description\" content=\"Si buscas cursos de espa\u00f1ol en Barcelona, Humboldt es tu centro. Contamos con una gran variedad de clases para que aprendas espa\u00f1ol o mejores tu nivel.\" \/>\n<meta property=\"og:url\" content=\"https:\/\/humboldt.es\/de\/fortbildungs-angebote\/sprachen-einzelpersonen\/spanischkurse-old\/\" \/>\n<meta property=\"og:site_name\" content=\"Humboldt\" \/>\n<meta property=\"article:modified_time\" content=\"2020-12-21T11:24:10+00:00\" \/>\n<meta name=\"twitter:card\" content=\"summary_large_image\" \/>\n<meta name=\"twitter:label1\" content=\"Est. reading time\">\n\t<meta name=\"twitter:data1\" content=\"10 minutes\">\n<script type=\"application\/ld+json\" class=\"yoast-schema-graph\">{\"@context\":\"https:\/\/schema.org\",\"@graph\":[{\"@type\":\"WebSite\",\"@id\":\"https:\/\/humboldt.es\/#website\",\"url\":\"https:\/\/humboldt.es\/\",\"name\":\"Humboldt\",\"description\":\"Centro de formaci\\u00f3n de idiomas en Barcelona\",\"potentialAction\":[{\"@type\":\"SearchAction\",\"target\":\"https:\/\/humboldt.es\/?s={search_term_string}\",\"query-input\":\"required name=search_term_string\"}],\"inLanguage\":\"de-DE\"},{\"@type\":\"WebPage\",\"@id\":\"https:\/\/humboldt.es\/de\/fortbildungs-angebote\/sprachen-einzelpersonen\/spanischkurse-old\/#webpage\",\"url\":\"https:\/\/humboldt.es\/de\/fortbildungs-angebote\/sprachen-einzelpersonen\/spanischkurse-old\/\",\"name\":\"Spanischkurse-OLD | Humboldt\",\"isPartOf\":{\"@id\":\"https:\/\/humboldt.es\/#website\"},\"datePublished\":\"2019-02-11T09:45:51+00:00\",\"dateModified\":\"2020-12-21T11:24:10+00:00\",\"description\":\"Si buscas cursos de espa\\u00f1ol en Barcelona, Humboldt es tu centro. Contamos con una gran variedad de clases para que aprendas espa\\u00f1ol o mejores tu nivel.\",\"breadcrumb\":{\"@id\":\"https:\/\/humboldt.es\/de\/fortbildungs-angebote\/sprachen-einzelpersonen\/spanischkurse-old\/#breadcrumb\"},\"inLanguage\":\"de-DE\",\"potentialAction\":[{\"@type\":\"ReadAction\",\"target\":[\"https:\/\/humboldt.es\/de\/fortbildungs-angebote\/sprachen-einzelpersonen\/spanischkurse-old\/\"]}]},{\"@type\":\"BreadcrumbList\",\"@id\":\"https:\/\/humboldt.es\/de\/fortbildungs-angebote\/sprachen-einzelpersonen\/spanischkurse-old\/#breadcrumb\",\"itemListElement\":[{\"@type\":\"ListItem\",\"position\":1,\"item\":{\"@type\":\"WebPage\",\"@id\":\"https:\/\/humboldt.es\/de\/\",\"url\":\"https:\/\/humboldt.es\/de\/\",\"name\":\"Portada\"}},{\"@type\":\"ListItem\",\"position\":2,\"item\":{\"@type\":\"WebPage\",\"@id\":\"https:\/\/humboldt.es\/de\/fortbildungs-angebote\/\",\"url\":\"https:\/\/humboldt.es\/de\/fortbildungs-angebote\/\",\"name\":\"Fortbildungs-Angebote\"}},{\"@type\":\"ListItem\",\"position\":3,\"item\":{\"@type\":\"WebPage\",\"@id\":\"https:\/\/humboldt.es\/de\/fortbildungs-angebote\/sprachen-einzelpersonen\/\",\"url\":\"https:\/\/humboldt.es\/de\/fortbildungs-angebote\/sprachen-einzelpersonen\/\",\"name\":\"Sprachen f\\u00fcr Einzelpersonen\"}},{\"@type\":\"ListItem\",\"position\":4,\"item\":{\"@type\":\"WebPage\",\"@id\":\"https:\/\/humboldt.es\/de\/fortbildungs-angebote\/sprachen-einzelpersonen\/spanischkurse-old\/\",\"url\":\"https:\/\/humboldt.es\/de\/fortbildungs-angebote\/sprachen-einzelpersonen\/spanischkurse-old\/\",\"name\":\"Spanischkurse-OLD\"}}]}]}<\/script>\n<!-- \/ Yoast SEO plugin. -->","amp_validity":null,"amp_enabled":true,"_links":{"self":[{"href":"https:\/\/humboldt.es\/de\/wp-json\/wp\/v2\/pages\/7947"}],"collection":[{"href":"https:\/\/humboldt.es\/de\/wp-json\/wp\/v2\/pages"}],"about":[{"href":"https:\/\/humboldt.es\/de\/wp-json\/wp\/v2\/types\/page"}],"author":[{"embeddable":true,"href":"https:\/\/humboldt.es\/de\/wp-json\/wp\/v2\/users\/1"}],"replies":[{"embeddable":true,"href":"https:\/\/humboldt.es\/de\/wp-json\/wp\/v2\/comments?post=7947"}],"version-history":[{"count":11,"href":"https:\/\/humboldt.es\/de\/wp-json\/wp\/v2\/pages\/7947\/revisions"}],"predecessor-version":[{"id":17681,"href":"https:\/\/humboldt.es\/de\/wp-json\/wp\/v2\/pages\/7947\/revisions\/17681"}],"up":[{"embeddable":true,"href":"https:\/\/humboldt.es\/de\/wp-json\/wp\/v2\/pages\/17337"}],"wp:attachment":[{"href":"https:\/\/humboldt.es\/de\/wp-json\/wp\/v2\/media?parent=7947"}],"curies":[{"name":"wp","href":"https:\/\/api.w.org\/{rel}","templated":true}]}}